{"id":2,"date":"2026-05-07T10:20:53","date_gmt":"2026-05-07T15:20:53","guid":{"rendered":"https:\/\/homenajeciro.acecolombia.org\/?page_id=2"},"modified":"2026-05-07T18:44:05","modified_gmt":"2026-05-07T23:44:05","slug":"home","status":"publish","type":"page","link":"https:\/\/homenajeciro.acecolombia.org\/","title":{"rendered":"home"},"content":{"rendered":"\t\t<div data-elementor-type=\"wp-page\" data-elementor-id=\"2\" class=\"elementor elementor-2\" data-elementor-post-type=\"page\">\n\t\t\t\t<div class=\"elementor-element elementor-element-1c54cbbc e-flex e-con-boxed elementor-invisible e-con e-parent\" data-id=\"1c54cbbc\" data-element_type=\"container\" data-e-type=\"container\" data-settings=\"{&quot;position&quot;:&quot;absolute&quot;,&quot;animation&quot;:&quot;fadeIn&quot;}\">\n\t\t\t\t\t<div class=\"e-con-inner\">\n\t\t<div class=\"elementor-element elementor-element-830282c e-con-full e-flex e-con e-child\" data-id=\"830282c\" data-element_type=\"container\" data-e-type=\"container\">\n\t\t\t\t<div class=\"elementor-element elementor-element-30902ad elementor-widget elementor-widget-image\" data-id=\"30902ad\" data-element_type=\"widget\" data-e-type=\"widget\" data-widget_type=\"image.default\">\n\t\t\t\t\t\t\t\t\t\t\t\t\t\t\t<img fetchpriority=\"high\" decoding=\"async\" width=\"261\" height=\"283\" src=\"https:\/\/homenajeciro.acecolombia.org\/wp-content\/uploads\/2026\/05\/logo-acecolombia-clic.png\" class=\"attachment-full size-full wp-image-45\" alt=\"\" \/>\t\t\t\t\t\t\t\t\t\t\t\t\t\t\t<\/div>\n\t\t\t\t<\/div>\n\t\t<div class=\"elementor-element elementor-element-8d9d2e6 e-con-full e-flex e-con e-child\" data-id=\"8d9d2e6\" data-element_type=\"container\" data-e-type=\"container\">\n\t\t\t\t\t\n<hr class=\"e-66717c6-1c7bd5c e-divider-base\" data-interaction-id=\"66717c6\"  data-e-type=\"widget\" data-id=\"66717c6\" \/>\n\t\t\t\t<\/div>\n\t\t\t\t\t<\/div>\n\t\t\t\t<\/div>\n\t\t<div class=\"elementor-element elementor-element-51fa187 e-flex e-con-boxed e-con e-parent\" data-id=\"51fa187\" data-element_type=\"container\" data-e-type=\"container\" data-settings=\"{&quot;background_background&quot;:&quot;classic&quot;}\">\n\t\t\t\t\t<div class=\"e-con-inner\">\n\t\t<div class=\"elementor-element elementor-element-7bee9ce e-con-full e-flex e-con e-child\" data-id=\"7bee9ce\" data-element_type=\"container\" data-e-type=\"container\">\n\t\t\t\t<div class=\"elementor-element elementor-element-a7cd746 animated-slow elementor-invisible elementor-widget elementor-widget-heading\" data-id=\"a7cd746\" data-element_type=\"widget\" data-e-type=\"widget\" data-settings=\"{&quot;_animation&quot;:&quot;fadeIn&quot;,&quot;_animation_delay&quot;:500}\" data-widget_type=\"heading.default\">\n\t\t\t\t\t<h2 class=\"elementor-heading-title elementor-size-default\">En Memoria de<\/h2>\t\t\t\t<\/div>\n\t\t\t\t<div class=\"elementor-element elementor-element-f19a9c8 animated-slow elementor-invisible elementor-widget elementor-widget-heading\" data-id=\"f19a9c8\" data-element_type=\"widget\" data-e-type=\"widget\" data-settings=\"{&quot;_animation&quot;:&quot;fadeIn&quot;,&quot;_animation_delay&quot;:1500}\" data-widget_type=\"heading.default\">\n\t\t\t\t\t<h1 class=\"elementor-heading-title elementor-size-default\">Ciro Aurelio Plata<\/h1>\t\t\t\t<\/div>\n\t\t\t\t<div class=\"elementor-element elementor-element-46b487f animated-slow elementor-invisible elementor-widget elementor-widget-heading\" data-id=\"46b487f\" data-element_type=\"widget\" data-e-type=\"widget\" data-settings=\"{&quot;_animation&quot;:&quot;fadeIn&quot;,&quot;_animation_delay&quot;:2500}\" data-widget_type=\"heading.default\">\n\t\t\t\t\t<h3 class=\"elementor-heading-title elementor-size-default\">Un legado de liderazgo, servicio y\ncompromiso que perdurar\u00e1 en el tiempo<\/h3>\t\t\t\t<\/div>\n\t\t\t\t<\/div>\n\t\t<div class=\"elementor-element elementor-element-8f99573 e-con-full elementor-hidden-tablet elementor-hidden-mobile e-flex e-con e-child\" data-id=\"8f99573\" data-element_type=\"container\" data-e-type=\"container\">\n\t\t\t\t<\/div>\n\t\t\t\t\t<\/div>\n\t\t\t\t<\/div>\n\t\t<div class=\"elementor-element elementor-element-2a0e30e e-flex e-con-boxed e-con e-parent\" data-id=\"2a0e30e\" data-element_type=\"container\" data-e-type=\"container\">\n\t\t\t\t\t<div class=\"e-con-inner\">\n\t\t<div class=\"elementor-element elementor-element-0382dd5 e-con-full e-flex e-con e-child\" data-id=\"0382dd5\" data-element_type=\"container\" data-e-type=\"container\">\n\t\t<div class=\"elementor-element elementor-element-ccc3562 e-con-full e-flex e-con e-child\" data-id=\"ccc3562\" data-element_type=\"container\" data-e-type=\"container\">\n\t\t\t\t<div class=\"elementor-element elementor-element-2fb712b animated-slow elementor-invisible elementor-widget elementor-widget-image\" data-id=\"2fb712b\" data-element_type=\"widget\" data-e-type=\"widget\" data-settings=\"{&quot;_animation&quot;:&quot;fadeIn&quot;}\" data-widget_type=\"image.default\">\n\t\t\t\t\t\t\t\t\t\t\t\t\t\t\t<img decoding=\"async\" width=\"800\" height=\"533\" src=\"https:\/\/homenajeciro.acecolombia.org\/wp-content\/uploads\/2026\/05\/Reconocimiento-vision-y-liderazgo-2024-.jpg\" class=\"attachment-large size-large wp-image-57\" alt=\"\" srcset=\"https:\/\/homenajeciro.acecolombia.org\/wp-content\/uploads\/2026\/05\/Reconocimiento-vision-y-liderazgo-2024-.jpg 906w, https:\/\/homenajeciro.acecolombia.org\/wp-content\/uploads\/2026\/05\/Reconocimiento-vision-y-liderazgo-2024--300x200.jpg 300w, https:\/\/homenajeciro.acecolombia.org\/wp-content\/uploads\/2026\/05\/Reconocimiento-vision-y-liderazgo-2024--768x512.jpg 768w\" sizes=\"(max-width: 800px) 100vw, 800px\" \/>\t\t\t\t\t\t\t\t\t\t\t\t\t\t\t<\/div>\n\t\t\t\t<div class=\"elementor-element elementor-element-fbb020b animated-slow elementor-invisible elementor-widget elementor-widget-image\" data-id=\"fbb020b\" data-element_type=\"widget\" data-e-type=\"widget\" data-settings=\"{&quot;_animation&quot;:&quot;fadeIn&quot;,&quot;_animation_delay&quot;:1000}\" data-widget_type=\"image.default\">\n\t\t\t\t\t\t\t\t\t\t\t\t\t\t\t<img decoding=\"async\" width=\"800\" height=\"534\" src=\"https:\/\/homenajeciro.acecolombia.org\/wp-content\/uploads\/2026\/05\/EPICCA-2017--1024x683.jpg\" class=\"attachment-large size-large wp-image-55\" alt=\"\" srcset=\"https:\/\/homenajeciro.acecolombia.org\/wp-content\/uploads\/2026\/05\/EPICCA-2017--1024x683.jpg 1024w, https:\/\/homenajeciro.acecolombia.org\/wp-content\/uploads\/2026\/05\/EPICCA-2017--300x200.jpg 300w, https:\/\/homenajeciro.acecolombia.org\/wp-content\/uploads\/2026\/05\/EPICCA-2017--768x513.jpg 768w, https:\/\/homenajeciro.acecolombia.org\/wp-content\/uploads\/2026\/05\/EPICCA-2017-.jpg 1500w\" sizes=\"(max-width: 800px) 100vw, 800px\" \/>\t\t\t\t\t\t\t\t\t\t\t\t\t\t\t<\/div>\n\t\t\t\t<\/div>\n\t\t\t\t<\/div>\n\t\t<div class=\"elementor-element elementor-element-5d4c6ae e-con-full animated-slow e-flex elementor-invisible e-con e-child\" data-id=\"5d4c6ae\" data-element_type=\"container\" data-e-type=\"container\" data-settings=\"{&quot;background_background&quot;:&quot;classic&quot;,&quot;animation&quot;:&quot;fadeIn&quot;,&quot;animation_delay&quot;:1500}\">\n\t\t\t\t<div class=\"elementor-element elementor-element-8215005 elementor-widget elementor-widget-text-editor\" data-id=\"8215005\" data-element_type=\"widget\" data-e-type=\"widget\" data-widget_type=\"text-editor.default\">\n\t\t\t\t\t\t\t\t\t<p>Ciro Aurelio Plata, conocido con cari\u00f1o como \u201cDon Ciro\u201d, dej\u00f3 una huella imborrable en la industria de centros comerciales en Colombia. Fue un pionero cuyo liderazgo, disciplina y calidez humana inspiraron a muchos.<\/p><p>Como presidente del gremio y con su participaci\u00f3n en importantes desarrollos, fue pieza clave en el crecimiento y fortalecimiento del sector en el pa\u00eds.<\/p><p>Su visi\u00f3n estrat\u00e9gica y capacidad para convocar voluntades permitieron construir espacios que hoy son referentes de desarrollo y convivencia.<\/p><p>Don Ciro se destac\u00f3 por su compromiso con el servicio y con las personas. Fue un mentor, un l\u00edder cercano y un ejemplo de integridad. Incluso en los momentos m\u00e1s desafiantes, mantuvo una actitud positiva y encontr\u00f3 oportunidades para seguir aportando.<\/p><p>Su vida marc\u00f3 el camino para una industria m\u00e1s s\u00f3lida, articulada y con prop\u00f3sito.<\/p>\t\t\t\t\t\t\t\t<\/div>\n\t\t\t\t<\/div>\n\t\t\t\t\t<\/div>\n\t\t\t\t<\/div>\n\t\t<div class=\"elementor-element elementor-element-94f75ca animated-slow e-flex e-con-boxed elementor-invisible e-con e-parent\" data-id=\"94f75ca\" data-element_type=\"container\" data-e-type=\"container\" data-settings=\"{&quot;background_background&quot;:&quot;classic&quot;,&quot;animation&quot;:&quot;fadeIn&quot;}\">\n\t\t\t\t\t<div class=\"e-con-inner\">\n\t\t<div class=\"elementor-element elementor-element-54e617a e-con-full e-flex e-con e-child\" data-id=\"54e617a\" data-element_type=\"container\" data-e-type=\"container\">\n\t\t\t\t<div class=\"elementor-element elementor-element-91d6173 elementor-widget elementor-widget-heading\" data-id=\"91d6173\" data-element_type=\"widget\" data-e-type=\"widget\" data-widget_type=\"heading.default\">\n\t\t\t\t\t<h2 class=\"elementor-heading-title elementor-size-default\">Deja aqu\u00ed tu mensaje<\/h2>\t\t\t\t<\/div>\n\t\t\t\t\t\n<hr class=\"e-b9c3f34-b9909bd e-divider-base\" data-interaction-id=\"b9c3f34\"  data-e-type=\"widget\" data-id=\"b9c3f34\" \/>\n\t\t\t\t<div class=\"elementor-element elementor-element-e86f315 elementor-widget elementor-widget-text-editor\" data-id=\"e86f315\" data-element_type=\"widget\" data-e-type=\"widget\" data-widget_type=\"text-editor.default\">\n\t\t\t\t\t\t\t\t\tTe invitamos a dejar un mensaje, una an\u00e9cdota o unas palabras en memoria de Ciro Aurelio Plata\n\nTu voz hace parte de su<strong> legado.<\/strong>\t\t\t\t\t\t\t\t<\/div>\n\t\t\t\t<div class=\"elementor-element elementor-element-b0bbce6 elementor-align-center elementor-widget elementor-widget-button\" data-id=\"b0bbce6\" data-element_type=\"widget\" data-e-type=\"widget\" data-widget_type=\"button.default\">\n\t\t\t\t\t\t\t\t\t\t<a class=\"elementor-button elementor-button-link elementor-size-sm\" href=\"#elementor-action%3Aaction%3Dpopup%3Aopen%26settings%3DeyJpZCI6IjEwMiIsInRvZ2dsZSI6ZmFsc2V9\">\n\t\t\t\t\t\t<span class=\"elementor-button-content-wrapper\">\n\t\t\t\t\t\t\t\t\t<span class=\"elementor-button-text\">Escribe tu mensaje<\/span>\n\t\t\t\t\t<\/span>\n\t\t\t\t\t<\/a>\n\t\t\t\t\t\t\t\t<\/div>\n\t\t\t\t<\/div>\n\t\t<div class=\"elementor-element elementor-element-629d0c8 e-con-full e-flex e-con e-child\" data-id=\"629d0c8\" data-element_type=\"container\" data-e-type=\"container\">\n\t\t\t\t<div class=\"elementor-element elementor-element-6622bb0 elementor-widget elementor-widget-image\" data-id=\"6622bb0\" data-element_type=\"widget\" data-e-type=\"widget\" data-widget_type=\"image.default\">\n\t\t\t\t\t\t\t\t\t\t\t\t\t\t\t<img loading=\"lazy\" decoding=\"async\" width=\"800\" height=\"533\" src=\"https:\/\/homenajeciro.acecolombia.org\/wp-content\/uploads\/2026\/05\/Reconocimiento-vision-y-liderazgo-2024.-.-1.jpg\" class=\"attachment-large size-large wp-image-69\" alt=\"\" srcset=\"https:\/\/homenajeciro.acecolombia.org\/wp-content\/uploads\/2026\/05\/Reconocimiento-vision-y-liderazgo-2024.-.-1.jpg 906w, https:\/\/homenajeciro.acecolombia.org\/wp-content\/uploads\/2026\/05\/Reconocimiento-vision-y-liderazgo-2024.-.-1-300x200.jpg 300w, https:\/\/homenajeciro.acecolombia.org\/wp-content\/uploads\/2026\/05\/Reconocimiento-vision-y-liderazgo-2024.-.-1-768x512.jpg 768w\" sizes=\"(max-width: 800px) 100vw, 800px\" \/>\t\t\t\t\t\t\t\t\t\t\t\t\t\t\t<\/div>\n\t\t\t\t<\/div>\n\t\t\t\t\t<\/div>\n\t\t\t\t<\/div>\n\t\t<div class=\"elementor-element elementor-element-bbbe062 animated-slow e-flex e-con-boxed elementor-invisible e-con e-parent\" data-id=\"bbbe062\" data-element_type=\"container\" data-e-type=\"container\" data-settings=\"{&quot;background_background&quot;:&quot;classic&quot;,&quot;animation&quot;:&quot;fadeIn&quot;}\">\n\t\t\t\t\t<div class=\"e-con-inner\">\n\t\t<div class=\"elementor-element elementor-element-738beeb e-con-full e-flex e-con e-child\" data-id=\"738beeb\" data-element_type=\"container\" data-e-type=\"container\">\n\t\t\t\t<div class=\"elementor-element elementor-element-ce880ef has-text-align-left elementor-button-align-stretch elementor-widget elementor-widget-site_reviews\" data-id=\"ce880ef\" data-element_type=\"widget\" data-e-type=\"widget\" data-widget_type=\"site_reviews.default\">\n\t\t\t\t<div class=\"elementor-widget-container\">\n\t\t\t\t\t<?xml encoding=\"utf-8\"?><div class=\"glsr-elementor-ce880ef elementor-site-reviews\"><div class=\"glsr glsr-elementor mensajes\" id=\"mensajes\" data-from=\"elementor\" data-shortcode=\"site_reviews\" data-display=\"9\" data-hide=\"title,rating,date,assigned_links,response,verified,avatar\" data-pagination=\"ajax\"><div class=\"glsr-reviews-wrap\">\n    <div class=\"glsr-reviews\">\n        <div class=\"glsr-review\" data-id=\"289\" data-type=\"local\" id=\"review-289\" data-assigned='{\"assigned_posts\":[2]}'>\n    \n     \n    \n    <div class=\"glsr-review-content\"><div class=\"glsr-tag-value\" data-expanded=\"false\"><p class=\"glsr-hidden-text\" data-show-less=\"Mostrar menos\" data-show-more=\"Mostrar m&aacute;s\" data-trigger=\"expand\">Ciro, gracias por todas las ense&ntilde;anzas, por su espiritu colaborativo, por su visi&oacute;n para formar esta industria, por su empatia, por dejarnos las bases de esta agremiaci&oacute;n que hoy tenemos. Me quedo con tu buen humor, tus sonrisas, tu solidaridad y tu visi&oacute;n que esta industria crece en la medida que seamos m&aacute;s amigos, m&aacute;s<span class=\"glsr-hidden\"> generosos, m&aacute;s unidos, m&aacute;s solidarios. Descansa en Paz!!<\/span><\/p><\/div><\/div>\n    \n    <div class=\"glsr-review-author\"><span class=\"glsr-tag-value\">Martha Moreno Rinc&oacute;n<\/span><\/div>  \n    \n<\/div>\n<div class=\"glsr-review\" data-id=\"288\" data-type=\"local\" id=\"review-288\" data-assigned='{\"assigned_posts\":[2]}'>\n    \n     \n    \n    <div class=\"glsr-review-content\"><div class=\"glsr-tag-value\" data-expanded=\"false\"><p>Ciro gracias por tu esfuerzo decidido que a trav&eacute;s de un legado invaluable nos permite compartir experiencias y crecer a trav&eacute;s de Acecolombia. Un abrazo fraterno a quienes hoy extra&ntilde;an tu c&aacute;lida presencia. Que la luz te acompa&ntilde;e siempre.<\/p><\/div><\/div>\n    \n    <div class=\"glsr-review-author\"><span class=\"glsr-tag-value\">Viviana Alvarez<\/span><\/div>  \n    \n<\/div>\n<div class=\"glsr-review\" data-id=\"287\" data-type=\"local\" id=\"review-287\" data-assigned='{\"assigned_posts\":[2]}'>\n    \n     \n    \n    <div class=\"glsr-review-content\"><div class=\"glsr-tag-value\" data-expanded=\"false\"><p class=\"glsr-hidden-text\" data-show-less=\"Mostrar menos\" data-show-more=\"Mostrar m&aacute;s\" data-trigger=\"expand\">Habl&eacute; muy pocas veces con &eacute;l, pero siempre voy a recordar su extraordinario sentido del humor y sus an&eacute;cdotas sobre los inicios de Acecolombia. Era un verdadero placer y privilegio compartir mesa con &eacute;l. Tambi&eacute;n guardo con cari&ntilde;o aquel consejo que me dio alguna vez sobre la importancia del trabajo en equipo; fueron palabras simples<span class=\"glsr-hidden\">, pero que se quedaron conmigo para siempre.<\/span><\/p>\n<p class=\"glsr-hidden\">Gracias por todo, Don Ciro. Su recuerdo seguir&aacute; vivo en mi coraz&oacute;n.<\/p><\/div><\/div>\n    \n    <div class=\"glsr-review-author\"><span class=\"glsr-tag-value\">Claudia Betancurt - Campanario Popay&aacute;n<\/span><\/div>  \n    \n<\/div>\n<div class=\"glsr-review\" data-id=\"286\" data-type=\"local\" id=\"review-286\" data-assigned='{\"assigned_posts\":[2]}'>\n    \n     \n    \n    <div class=\"glsr-review-content\"><div class=\"glsr-tag-value\" data-expanded=\"false\"><p>Gracias, Don Ciro Plata<\/p>\n<p>Su legado es la base s&oacute;lida sobre la que se construy&oacute; el gremio de los centros comerciales de Colombia. Le recordaremos siempre por su sabidur&iacute;a, pero sobre todo por su c&aacute;lida sonrisa que inspiraba a todos.<\/p><\/div><\/div>\n    \n    <div class=\"glsr-review-author\"><span class=\"glsr-tag-value\">YAZMIN LOMBANA ROMERO<\/span><\/div>  \n    \n<\/div>\n<div class=\"glsr-review\" data-id=\"285\" data-type=\"local\" id=\"review-285\" data-assigned='{\"assigned_posts\":[2]}'>\n    \n     \n    \n    <div class=\"glsr-review-content\"><div class=\"glsr-tag-value\" data-expanded=\"false\"><p>Desde el Centro Comercial Villa Country hoy despedimos con profundo respeto y gratitud a Don Ciro, un hombre que dej&oacute; una huella invaluable en la industria de centros comerciales en Colombia y en cada persona que tuvo el privilegio de conocerlo.<\/p>\n<p class=\"glsr-hidden-text\" data-show-less=\"Mostrar menos\" data-show-more=\"Mostrar m&aacute;s\" data-trigger=\"expand\">Con esfuerzo, disciplina y visi&oacute;n, se convirti&oacute; en una de las figuras m&aacute;s destacadas y<span class=\"glsr-hidden\"> respetadas del gremio, dejando un legado que hoy nos inspira a muchos a seguir construyendo con compromiso, pasi&oacute;n y humanidad.<\/span><\/p>\n<p class=\"glsr-hidden\">Expresamos nuestras m&aacute;s sinceras condolencias a su familia, amigos y a toda la comunidad del sector.<\/p><\/div><\/div>\n    \n    <div class=\"glsr-review-author\"><span class=\"glsr-tag-value\">Centro Comercial Villa Country<\/span><\/div>  \n    \n<\/div>\n<div class=\"glsr-review\" data-id=\"284\" data-type=\"local\" id=\"review-284\" data-assigned='{\"assigned_posts\":[2]}'>\n    \n     \n    \n    <div class=\"glsr-review-content\"><div class=\"glsr-tag-value\" data-expanded=\"false\"><p class=\"glsr-hidden-text\" data-show-less=\"Mostrar menos\" data-show-more=\"Mostrar m&aacute;s\" data-trigger=\"expand\">Expreso mi sentido de pesar por el fallecimiento de Don Ciro; aunque no tuve el gusto de conocerlo de manera personal, su legado y liderazgo fueron referentes en nuestra industria, dejando una marca profunda que seguir&aacute; inspirando a quienes construimos este sector d&iacute;a a d&iacute;a. Mi solidaridad con su familia y amigos en este momento<span class=\"glsr-hidden\">.<\/span><\/p><\/div><\/div>\n    \n    <div class=\"glsr-review-author\"><span class=\"glsr-tag-value\">Isabel Hurtado<\/span><\/div>  \n    \n<\/div>\n<div class=\"glsr-review\" data-id=\"283\" data-type=\"local\" id=\"review-283\" data-assigned='{\"assigned_posts\":[2]}'>\n    \n     \n    \n    <div class=\"glsr-review-content\"><div class=\"glsr-tag-value\" data-expanded=\"false\"><p>Honramos la memoria de Don Ciro y agradecemos el legado que dej&oacute; en nuestra industria. Su visi&oacute;n seguir&aacute; siendo referente para las generaciones futuras.<\/p><\/div><\/div>\n    \n    <div class=\"glsr-review-author\"><span class=\"glsr-tag-value\">Cenco Altos del Prado<\/span><\/div>  \n    \n<\/div>\n<div class=\"glsr-review\" data-id=\"282\" data-type=\"local\" id=\"review-282\" data-assigned='{\"assigned_posts\":[2]}'>\n    \n     \n    \n    <div class=\"glsr-review-content\"><div class=\"glsr-tag-value\" data-expanded=\"false\"><p class=\"glsr-hidden-text\" data-show-less=\"Mostrar menos\" data-show-more=\"Mostrar m&aacute;s\" data-trigger=\"expand\">A&uacute;n recuerdo la primera vez que habl&eacute; con el se&ntilde;or Ciro Plata. Su presencia impon&iacute;a respeto, pero bastaron unas palabras y una sonrisa para entender que detr&aacute;s de ese gran hombre de negocios y exmilitar, habitaba un ser humano c&aacute;lido y generoso. Sin saberlo, me ense&ntilde;&oacute; que el verdadero liderazgo no est&aacute; en el poder<span class=\"glsr-hidden\">, sino en la capacidad de dar tranquilidad y esperanza a otros. Su legado en Unicentro y en Acecolombia permanecer&aacute;, pero quienes tuvimos el privilegio de conocer su esencia, recordaremos sobre todo su grandeza humana<\/span><\/p><\/div><\/div>\n    \n    <div class=\"glsr-review-author\"><span class=\"glsr-tag-value\">M&oacute;nica R&iacute;os Guti&eacute;rrez<\/span><\/div>  \n    \n<\/div>\n<div class=\"glsr-review\" data-id=\"281\" data-type=\"local\" id=\"review-281\" data-assigned='{\"assigned_posts\":[2]}'>\n    \n     \n    \n    <div class=\"glsr-review-content\"><div class=\"glsr-tag-value\" data-expanded=\"false\"><p>Don Ciro, un gran se&ntilde;or, un hombre que dej&oacute; huella invaluable en el mundo de los centros comerciales , su visi&oacute;n, liderazgo y calidad humana contribuyeron al crecimiento y fortalecimiento de este sector , paz en su descanso y fortaleza para su familia y amigos.<\/p><\/div><\/div>\n    \n    <div class=\"glsr-review-author\"><span class=\"glsr-tag-value\">Pilar Arturo Gonzalez<\/span><\/div>  \n    \n<\/div>\n    <\/div>\n    <div class=\"glsr-pagination glsr-ajax-pagination\" data-class=\"glsr glsr-elementor mensajes\" data-display=\"9\" data-hide=\"title,rating,date,assigned_links,response,verified,avatar\" data-id=\"mensajes\" data-pagination=\"ajax\"><div class=\"pagination\">\n    <nav class=\"navigation\" role=\"navigation\">\n        <h2 class=\"screen-reader-text\">Site Reviews navigation<\/h2>\n        <div class=\"nav-links\">\n            <span class=\"page-numbers current\" aria-current=\"page\" data-page=\"1\"><span class=\"meta-nav screen-reader-text\">Page <\/span>1<\/span>\n<a class=\"page-numbers\" data-page=\"2\" href=\"https:\/\/homenajeciro.acecolombia.org\/?reviews-page=2\"><span class=\"meta-nav screen-reader-text\">Page <\/span>2<\/a>\n<a class=\"page-numbers\" data-page=\"3\" href=\"https:\/\/homenajeciro.acecolombia.org\/?reviews-page=3\"><span class=\"meta-nav screen-reader-text\">Page <\/span>3<\/a>\n<a class=\"page-numbers next\" data-page=\"2\" href=\"https:\/\/homenajeciro.acecolombia.org\/?reviews-page=2\">Siguiente<\/a>\n        <\/div>\n    <\/nav>\n<\/div><\/div>\n<\/div><\/div><\/div>\n\t\t\t\t<\/div>\n\t\t\t\t<\/div>\n\t\t\t\t<\/div>\n\t\t\t\t\t<\/div>\n\t\t\t\t<\/div>\n\t\t<div class=\"elementor-element elementor-element-8a10d83 e-flex e-con-boxed e-con e-parent\" data-id=\"8a10d83\" data-element_type=\"container\" data-e-type=\"container\" data-settings=\"{&quot;background_background&quot;:&quot;classic&quot;}\">\n\t\t\t\t\t<div class=\"e-con-inner\">\n\t\t<div class=\"elementor-element elementor-element-fad9036 e-con-full e-flex e-con e-child\" data-id=\"fad9036\" data-element_type=\"container\" data-e-type=\"container\">\n\t\t\t\t<div class=\"elementor-element elementor-element-c0db0c0 elementor-widget elementor-widget-image\" data-id=\"c0db0c0\" data-element_type=\"widget\" data-e-type=\"widget\" data-widget_type=\"image.default\">\n\t\t\t\t\t\t\t\t\t\t\t\t\t\t\t<img fetchpriority=\"high\" decoding=\"async\" width=\"261\" height=\"283\" src=\"https:\/\/homenajeciro.acecolombia.org\/wp-content\/uploads\/2026\/05\/logo-acecolombia-clic.png\" class=\"attachment-full size-full wp-image-45\" alt=\"\" \/>\t\t\t\t\t\t\t\t\t\t\t\t\t\t\t<\/div>\n\t\t\t\t<\/div>\n\t\t<div class=\"elementor-element elementor-element-53cecbd e-con-full e-flex e-con e-child\" data-id=\"53cecbd\" data-element_type=\"container\" data-e-type=\"container\">\n\t\t\t\t<div class=\"elementor-element elementor-element-4b2b975 elementor-widget elementor-widget-heading\" data-id=\"4b2b975\" data-element_type=\"widget\" data-e-type=\"widget\" data-widget_type=\"heading.default\">\n\t\t\t\t\t<h2 class=\"elementor-heading-title elementor-size-default\">Don ciro<\/h2>\t\t\t\t<\/div>\n\t\t\t\t<div class=\"elementor-element elementor-element-4a70644 elementor-widget elementor-widget-heading\" data-id=\"4a70644\" data-element_type=\"widget\" data-e-type=\"widget\" data-widget_type=\"heading.default\">\n\t\t\t\t\t<h2 class=\"elementor-heading-title elementor-size-default\">Gracias por su vida, su huella y su inspiraci\u00f3n.\n\n<\/h2>\t\t\t\t<\/div>\n\t\t\t\t<\/div>\n\t\t\t\t\t<\/div>\n\t\t\t\t<\/div>\n\t\t\t\t<\/div>\n\t\t","protected":false},"excerpt":{"rendered":"<p>En Memoria de Ciro Aurelio Plata Un legado de liderazgo, servicio y compromiso que perdurar\u00e1 en el tiempo Ciro Aurelio Plata, conocido con cari\u00f1o como \u201cDon Ciro\u201d, dej\u00f3 una huella imborrable en la industria de centros comerciales en Colombia. Fue un pionero cuyo liderazgo, disciplina y calidez humana inspiraron a muchos. Como presidente del gremio [&hellip;]<\/p>\n","protected":false},"author":1,"featured_media":0,"parent":0,"menu_order":0,"comment_status":"closed","ping_status":"closed","template":"","meta":{"_glsr_average":0,"_glsr_ranking":0,"_glsr_reviews":19,"footnotes":""},"class_list":["post-2","page","type-page","status-publish","hentry"],"_links":{"self":[{"href":"https:\/\/homenajeciro.acecolombia.org\/index.php?rest_route=\/wp\/v2\/pages\/2","targetHints":{"allow":["GET"]}}],"collection":[{"href":"https:\/\/homenajeciro.acecolombia.org\/index.php?rest_route=\/wp\/v2\/pages"}],"about":[{"href":"https:\/\/homenajeciro.acecolombia.org\/index.php?rest_route=\/wp\/v2\/types\/page"}],"author":[{"embeddable":true,"href":"https:\/\/homenajeciro.acecolombia.org\/index.php?rest_route=\/wp\/v2\/users\/1"}],"replies":[{"embeddable":true,"href":"https:\/\/homenajeciro.acecolombia.org\/index.php?rest_route=%2Fwp%2Fv2%2Fcomments&post=2"}],"version-history":[{"count":133,"href":"https:\/\/homenajeciro.acecolombia.org\/index.php?rest_route=\/wp\/v2\/pages\/2\/revisions"}],"predecessor-version":[{"id":270,"href":"https:\/\/homenajeciro.acecolombia.org\/index.php?rest_route=\/wp\/v2\/pages\/2\/revisions\/270"}],"wp:attachment":[{"href":"https:\/\/homenajeciro.acecolombia.org\/index.php?rest_route=%2Fwp%2Fv2%2Fmedia&parent=2"}],"curies":[{"name":"wp","href":"https:\/\/api.w.org\/{rel}","templated":true}]}}